{"id":59,"date":"2019-03-01T10:32:46","date_gmt":"2019-03-01T10:32:46","guid":{"rendered":"http:\/\/valeur-relation-sociale.com\/?page_id=59"},"modified":"2019-04-18T17:09:35","modified_gmt":"2019-04-18T17:09:35","slug":"formation","status":"publish","type":"page","link":"http:\/\/valeur-relation-sociale.com\/?page_id=59","title":{"rendered":"FORMATION"},"content":{"rendered":"\n<p style=\"text-align:center\">Axe <strong>P\u00c9DAGOGIQUE<\/strong>  : <br><a rel=\"noreferrer noopener\" aria-label=\"Formation Continue (s\u2019ouvre dans un nouvel onglet)\" href=\"http:\/\/wordpress.agc-fc.com\/?page_id=40\" target=\"_blank\"><u>Formation Continue<\/u><\/a>, <a rel=\"noreferrer noopener\" aria-label=\"Formation Continue (s\u2019ouvre dans un nouvel onglet)\" href=\"http:\/\/wordpress.agc-fc.com\/?page_id=40\" target=\"_blank\"><u>Formation Initiale<\/u><\/a>, <br><a rel=\"noreferrer noopener\" href=\"http:\/\/pedagogie.valeur-relation-sociale.com\/\" target=\"_blank\"><u>Base de ressources p\u00e9dagogiques<\/u>.<\/a><br><\/p>\n\n\n\n<p>L&rsquo;axe <strong>P\u00c9DAGOGIQUE<\/strong> vise <strong>transf\u00e9rer les \u00e9l\u00e9ments de m\u00e9thodologie valid\u00e9s de mani\u00e8re op\u00e9rationnelle<\/strong> aux diff\u00e9rents acteurs en charge de la relation sociale, sous l&rsquo;une ou l&rsquo;autre de ses formes.<br>La d\u00e9marche d&rsquo;animation sous la forme de formation action tr\u00e8s interactive permet d&rsquo;<strong>explorer de nouveau champs d&rsquo;application<\/strong> des mod\u00e8les fondamentaux, pour d\u00e9velopper de nouvelles utilisations op\u00e9rationnelles, de nouvelles pratiques professionnelles. <br>L&rsquo;axe p\u00e9dagogique repr\u00e9sente la premi\u00e8re \u00e9tape de la <strong>d\u00e9marche de recherche action<\/strong>, avec la d\u00e9finition des postulats, la remont\u00e9e de la mati\u00e8re et le test en temps r\u00e9el des mod\u00e8les \u00e9mergents.<\/p>\n\n\n\n<p>La dimension p\u00e9dagogique s&rsquo;appuye sur trois dispositifs :<\/p>\n\n\n\n<ul><li>La <strong><u>formation continue<\/u><\/strong>, ou <strong><u>formation professionnelle<\/u><\/strong>, permet de transf\u00e9rer les \u00e9l\u00e9ments de m\u00e9thodologie aux acteurs en situation professionnelle, et de nourrir avec eux la d\u00e9marche de recherche action ;<\/li><li>La <u><strong>formation initiale<\/strong><\/u>, notamment \u00e0 travers l&rsquo;<strong><u>enseignement sup\u00e9rieur<\/u><\/strong>, permet de diffuser les \u00e9l\u00e9ments de m\u00e9thodologie et leurs applications op\u00e9rationnelles aux futurs acteurs de la vie professionnelle. <\/li><\/ul>\n\n\n\n<p style=\"text-align:center\"><u><em><a href=\"http:\/\/wordpress.agc-fc.com\/?page_id=140\" target=\"_blank\" rel=\"noreferrer noopener\" aria-label=\"Exemples de formations  (s\u2019ouvre dans un nouvel onglet)\">Exemples de formations<\/a><\/em><a href=\"http:\/\/wordpress.agc-fc.com\/?page_id=140\" target=\"_blank\" rel=\"noreferrer noopener\" aria-label=\"Exemples de formations  (s\u2019ouvre dans un nouvel onglet)\"> <\/a><\/u><\/p>\n\n\n\n<ul><li>La <strong><u>base de ressources p\u00e9dagogiques<\/u><\/strong> permet de mettre \u00e0 disposition les \u00e9l\u00e9ments de r\u00e9f\u00e9rence valid\u00e9s, de maintenir \u00e0 jour le niveau de ma\u00eetrise en permettant aux acteurs form\u00e9s de retrouver facilement les \u00e9l\u00e9ments vus en formation, et de mettre \u00e0 jour les pratiques, gr\u00e2ce \u00e0 l&rsquo;ajout de nouveaux \u00e9l\u00e9ments.<\/li><\/ul>\n\n\n\n<p style=\"text-align:center\"><em><a rel=\"noreferrer noopener\" aria-label=\"Lien vers la base de ressources p\u00e9dagogiques (s\u2019ouvre dans un nouvel onglet)\" href=\"http:\/\/pedagogie.valeur-relation-sociale.com\" target=\"_blank\"><u>Lien vers la base de ressources p\u00e9dagogiques<\/u><\/a><\/em><\/p>\n\n\n\n<p><\/p>\n","protected":false},"excerpt":{"rendered":"<p>Axe P\u00c9DAGOGIQUE : Formation Continue, Formation Initiale, Base de ressources p\u00e9dagogiques. L&rsquo;axe P\u00c9DAGOGIQUE vise transf\u00e9rer les \u00e9l\u00e9ments de m\u00e9thodologie valid\u00e9s de mani\u00e8re op\u00e9rationnelle aux diff\u00e9rents acteurs en charge de la relation sociale, sous l&rsquo;une ou l&rsquo;autre de ses formes.La d\u00e9marche d&rsquo;animation sous la forme de formation action tr\u00e8s interactive permet [&hellip;]<\/p>\n","protected":false},"author":1,"featured_media":67,"parent":0,"menu_order":0,"comment_status":"closed","ping_status":"closed","template":"","meta":[],"_links":{"self":[{"href":"http:\/\/valeur-relation-sociale.com\/index.php?rest_route=\/wp\/v2\/pages\/59"}],"collection":[{"href":"http:\/\/valeur-relation-sociale.com\/index.php?rest_route=\/wp\/v2\/pages"}],"about":[{"href":"http:\/\/valeur-relation-sociale.com\/index.php?rest_route=\/wp\/v2\/types\/page"}],"author":[{"embeddable":true,"href":"http:\/\/valeur-relation-sociale.com\/index.php?rest_route=\/wp\/v2\/users\/1"}],"replies":[{"embeddable":true,"href":"http:\/\/valeur-relation-sociale.com\/index.php?rest_route=%2Fwp%2Fv2%2Fcomments&post=59"}],"version-history":[{"count":11,"href":"http:\/\/valeur-relation-sociale.com\/index.php?rest_route=\/wp\/v2\/pages\/59\/revisions"}],"predecessor-version":[{"id":224,"href":"http:\/\/valeur-relation-sociale.com\/index.php?rest_route=\/wp\/v2\/pages\/59\/revisions\/224"}],"wp:featuredmedia":[{"embeddable":true,"href":"http:\/\/valeur-relation-sociale.com\/index.php?rest_route=\/wp\/v2\/media\/67"}],"wp:attachment":[{"href":"http:\/\/valeur-relation-sociale.com\/index.php?rest_route=%2Fwp%2Fv2%2Fmedia&parent=59"}],"curies":[{"name":"wp","href":"https:\/\/api.w.org\/{rel}","templated":true}]}}